{"version":"1.0","provider_name":"Estrelle Design","provider_url":"https:\/\/estrelle.cafeblog.hu","author_name":"K. Eszter","author_url":"https:\/\/estrelle.cafeblog.hu\/author\/k_eszter\/","title":"Hokedli n\u00e1szaj\u00e1nd\u00e9kba?","html":"<p>B\u00e1r az <a href=\"https:\/\/estrelle.cafeblog.hu\/2015\/08\/29\/elmenyek-eskuvo-a-kastelyban\/\" target=\"_blank\">esk\u00fcv\u0151<\/a> pont ma 1 h\u00f3napja volt, gondoltam ideje meg\u00edrnom a posztot arr\u00f3l a bizonyos aj\u00e1nd\u00e9kr\u00f3l. Egy r\u00e9gi (fogalmam sincs h\u00e1ny \u00e9ves) stoki, hokedli, kinek hogy tetszik - meg\u00fajul\u00e1sa k\u00f6vetkezik. Mi\u00e9rt is ne, elfelejtettem lefot\u00f3zni el\u0151tte... egy\u00e9bk\u00e9nt piros volt a fi\u00f3kja \u00e9s a teteje.\u00a0Szerettem volna azt, hogy szem\u00e9lyes aj\u00e1nd\u00e9k legyen, illetve maradjon rajta valami r\u00e9gi is.\u00a0<\/p>\r\n<p>El\u0151sz\u00f6r is h\u0151l\u00e9gf\u00fav\u00f3, csiszol\u00f3 bevet\u00e9sen. Volt rajta n\u00e9h\u00e1ny fest\u00e9khupli, \u00e9s nem lett volna sz\u00e9p m\u00e9g egy r\u00e9teg r\u00e1. A l\u00e1btart\u00f3 r\u00e9sz\u00e9t kiv\u00e9ve az eg\u00e9szet lecsiszoltuk. (Azt szerettem volna \"r\u00e9gik\u00e9nt\" meghagyni, hiszen haszn\u00e1lat k\u00f6zben \u00fagyis az kopik.)<\/p>\r\n<p>&nbsp;<\/p>\r\n<p><a href=\"https:\/\/estrelle.cafeblog.hu\/files\/2015\/09\/DSC_0103.jpg\"><img class=\"size-large wp-image-389\" src=\"https:\/\/estrelle.cafeblog.hu\/files\/2015\/09\/DSC_0103-600x553.jpg\" alt=\"Ilyen volt csiszol\u00e1s ut\u00e1n\" width=\"600\" height=\"553\" \/><\/a><\/p>\r\n<p>&nbsp;<\/p>\r\n<p>A tetej\u00e9re fest\u00e9s ut\u00e1n transzfer\u00e1ltam. Egy sz\u00f3felh\u0151 k\u00e9sz\u00fclt r\u00e1, melyet <a href=\"http:\/\/tagul.com\/\" target=\"_blank\">itt<\/a> k\u00e9sz\u00edtettem.\u00a0<\/p>\r\n<p>&nbsp;<\/p>\r\n<p><a href=\"https:\/\/estrelle.cafeblog.hu\/files\/2015\/09\/DSC_0280.jpg\"><img class=\"aligncenter size-large wp-image-390\" src=\"https:\/\/estrelle.cafeblog.hu\/files\/2015\/09\/DSC_0280-600x400.jpg\" alt=\"DSC_0280\" width=\"600\" height=\"400\" \/><\/a><\/p>\r\n<p>&nbsp;<\/p>\r\n<p>...\u00e9s hogy a fi\u00f3k se maradjon \u00fcresen, az elmaradhatatlan \u00fatraval\u00f3t, \"H\u00e1zi \u00e1ld\u00e1s\"-t transzfer\u00e1ltam a belsej\u00e9be. El\u0151tte pedig sz\u00e1raz ecset technik\u00e1val festettem.<\/p>\r\n<p>&nbsp;<\/p>\r\n<p><a href=\"https:\/\/estrelle.cafeblog.hu\/files\/2015\/09\/DSC_0281.jpg\"><img class=\"aligncenter size-large wp-image-391\" src=\"https:\/\/estrelle.cafeblog.hu\/files\/2015\/09\/DSC_0281-600x400.jpg\" alt=\"DSC_0281\" width=\"600\" height=\"400\" \/><\/a><\/p>\r\n<p>&nbsp;<\/p>\r\n<p>A tetej\u00e9t kiv\u00e9ve mindenhol szerepel a sz\u00e1raz ecset technika, nagyon r\u00e1kattantam mostan\u00e1ban. Olyan igazi kopottas hat\u00e1sa van. A sz\u00edneket magam k\u00eds\u00e9rleteztem \u00e9s kutyultam ki, \u00e9s kiv\u00e9telesen sima latex fest\u00e9ket haszn\u00e1ltam hozz\u00e1. \u00cdme a v\u00e9geredm\u00e9ny:<\/p>\r\n<p>&nbsp;<\/p>\r\n<p><a href=\"https:\/\/estrelle.cafeblog.hu\/files\/2015\/09\/DSC_0285.jpg\"><img class=\"aligncenter size-large wp-image-392\" src=\"https:\/\/estrelle.cafeblog.hu\/files\/2015\/09\/DSC_0285-600x468.jpg\" alt=\"DSC_0285\" width=\"600\" height=\"468\" \/><\/a><\/p>\r\n<p>&nbsp;<\/p>\r\n<p>&nbsp;<\/p>\r\n<p><a href=\"https:\/\/estrelle.cafeblog.hu\/files\/2015\/09\/DSC_0283.jpg\"><img class=\"aligncenter size-large wp-image-393\" src=\"https:\/\/estrelle.cafeblog.hu\/files\/2015\/09\/DSC_0283-391x600.jpg\" alt=\"DSC_0283\" width=\"391\" height=\"600\" \/><\/a><\/p>\r\n<p>&nbsp;<\/p>\r\n<p><a href=\"https:\/\/estrelle.cafeblog.hu\/files\/2015\/09\/DSC_0282.jpg\"><img class=\"aligncenter size-large wp-image-394\" src=\"https:\/\/estrelle.cafeblog.hu\/files\/2015\/09\/DSC_0282-600x400.jpg\" alt=\"DSC_0282\" width=\"600\" height=\"400\" \/><\/a><\/p>\r\n<p>Ha igaz\u00e1n szem\u00e9lyes \u00e9s k\u00fcl\u00f6nleges aj\u00e1nd\u00e9kot szeretn\u00e9l, keress b\u00e1tran!<\/p>","type":"rich","thumbnail_url":"https:\/\/estrelle.cafeblog.hu\/files\/2015\/09\/DSC_0282-150x150.jpg","thumbnail_width":150,"thumbnail_height":150}