{"version":"1.0","provider_name":"Estrelle Design","provider_url":"https:\/\/estrelle.cafeblog.hu","author_name":"K. Eszter","author_url":"https:\/\/estrelle.cafeblog.hu\/author\/k_eszter\/","title":"Sziluett k\u00e9p","html":"Mostan\u00e1ban r\u00e1kattantam a sziluett k\u00e9pekre, k\u00fcl\u00f6n\u00f6sen a szarvasokra. Rengeteget b\u00f6ng\u00e9sztem, kutattam \u00e9s m\u00e1r-m\u00e1r a kar\u00e1csonyi aj\u00e1nd\u00e9k\u00f6tletek is megsz\u00fclettek a fejemben... Tudom, m\u00e9g 41 nap van addig \u00e9s ha valaki, \u00e9n nagyon nem b\u00edrom, amikor okt\u00f3ber v\u00e9g\u00e9n m\u00e1r pakolj\u00e1k a mikul\u00e1sokat a boltokban... de az aj\u00e1nd\u00e9kokat szeretem ID\u0150BEN elk\u00e9sz\u00edteni, beszerezni, megs\u00fctni, \u00f6sszerakni.......\r\n\r\nSz\u00f3val, tal\u00e1ltam sok-sok inspir\u00e1l\u00f3 k\u00e9pet\u00a0\u00e9s nekil\u00e1ttam. El\u0151tte elmondan\u00e1m, hogy vannak erre alkalmas sablonok a <a href=\"http:\/\/decorlabor.hu\/nagy_szarvas_szett_345\" target=\"_blank\">decorlabor<\/a>-n\u00e1l \u00e9s azzal biztos, hogy j\u00f3val egyszer\u0171bb a mutatv\u00e1ny, de sajna az nem volt otthon :) - \u00edgy marad a k\u00e9t kezem, a ceruza \u00e9s az ecset \u00e9s akkor most j\u00f6het a hol volt, hol nem volt...\r\n\r\nApuk\u00e1mt\u00f3l szereztem p\u00e1r egyforma m\u00e9retre v\u00e1gott OSB lapot \u00e9s lefestettem \u0151ket h\u00e1zi kr\u00e9tafest\u00e9kkel. Nem akartam feket\u00e9t, az kicsit nyomaszt\u00f3 lett volna, \u00edgy tal\u00e1lomra kevertem ki a sz\u00fcrke \u00e1rnyalatot. Kinyomtattam, kiv\u00e1gtam a \"sablont\" \u00e9s k\u00f6rberajzoltam. Azt\u00e1n, mint a j\u00f3 gyerekek, kifestettem a mint\u00e1t \u00e9s nagy izgalommal v\u00e1rtam, hogy megsz\u00e1radjon. A mumus ezut\u00e1n tal\u00e1lt meg \u00e9s tett pr\u00f3b\u00e1ra.... igen, az a fr\u00e1nya g\u00e9rv\u00e1g\u00f3.... A <a href=\"https:\/\/estrelle.cafeblog.hu\/2014\/10\/27\/fiokos-szekreny-ujragondolva\/\" target=\"_blank\">fi\u00f3kos szekr\u00e9ny<\/a> projektn\u00e9l m\u00e1r tutira ferde szemmel n\u00e9ztek r\u00e1m a boltban, amikor kb 10 sz\u00e1l d\u00edszl\u00e9cet v\u00e1s\u00e1roltam \u00e9s egy h\u00e9t m\u00falva megint \u00a0mentem.\u00a0De a k\u00e9pnek kell egy keret! Elj\u00e1tszadoztam vele, mire siker\u00fclt... V\u00e9g\u00fcl a keretet is lefestettem el\u0151sz\u00f6r sz\u00fcrk\u00e9vel azt\u00e1n feh\u00e9rrel \"maszatoltam\".\r\n\r\nLett egy kalitk\u00e1s verzi\u00f3 is, ott nem kellett festeni, csak r\u00e1ragasztottam a sz\u00fcrke alapra.\r\n\r\nAkkor most j\u00f6jjenek a k\u00e9pek:\r\n\r\n<a href=\"https:\/\/estrelle.cafeblog.hu\/files\/2014\/11\/IMAG1306_1_11.jpg\"><img class=\"aligncenter size-large wp-image-148\" src=\"https:\/\/estrelle.cafeblog.hu\/files\/2014\/11\/IMAG1306_1_11-468x600.jpg\" alt=\"IMAG1306_1_1[1]\" width=\"468\" height=\"600\" \/><\/a>\r\n\r\n[caption id=\"attachment_149\" align=\"aligncenter\" width=\"359\"]<a href=\"https:\/\/estrelle.cafeblog.hu\/files\/2014\/11\/IMAG1308_11.jpg\"><img class=\"wp-image-149 size-large\" src=\"https:\/\/estrelle.cafeblog.hu\/files\/2014\/11\/IMAG1308_11-359x600.jpg\" alt=\"IMAG1308_1[1]\" width=\"359\" height=\"600\" \/><\/a> Ecsetet \u00e9s sz\u00ednez\u0151t a nagy gyereknek![\/caption]<a href=\"https:\/\/estrelle.cafeblog.hu\/files\/2014\/11\/IMAG1309_1_11.jpg\"><img class=\"aligncenter size-large wp-image-150\" src=\"https:\/\/estrelle.cafeblog.hu\/files\/2014\/11\/IMAG1309_1_11-468x600.jpg\" alt=\"IMAG1309_1_1[1]\" width=\"468\" height=\"600\" \/><\/a>\r\n\r\n[caption id=\"attachment_152\" align=\"aligncenter\" width=\"359\"]<a href=\"https:\/\/estrelle.cafeblog.hu\/files\/2014\/11\/IMAG1267.jpg\"><img class=\"wp-image-152 size-large\" src=\"https:\/\/estrelle.cafeblog.hu\/files\/2014\/11\/IMAG1267-359x600.jpg\" alt=\"IMAG1267\" width=\"359\" height=\"600\" \/><\/a> Maszatoltam, visszacsiszoltam, szegeltem[\/caption]\r\n\r\n[caption id=\"attachment_157\" align=\"aligncenter\" width=\"600\"]<a href=\"https:\/\/estrelle.cafeblog.hu\/files\/2014\/11\/Picadilo-Collage.png\"><img class=\"size-large wp-image-157\" src=\"https:\/\/estrelle.cafeblog.hu\/files\/2014\/11\/Picadilo-Collage-600x493.png\" alt=\"A v\u00e9geredm\u00e9ny\" width=\"600\" height=\"493\" \/><\/a> A v\u00e9geredm\u00e9ny[\/caption]\r\n\r\nHa b\u00e1rki szeretne hasonl\u00f3t, keressen nyugodtan!\r\n\r\nestrelle.","type":"rich","thumbnail_url":"https:\/\/estrelle.cafeblog.hu\/files\/2014\/11\/Picadilo-Collage-150x150.png","thumbnail_width":150,"thumbnail_height":150}